{"id":817,"date":"2014-08-22T18:14:40","date_gmt":"2014-08-22T18:14:40","guid":{"rendered":"http:\/\/lacometarojademontsecastillo.wordpress.com\/?page_id=1"},"modified":"2026-09-03T22:20:57","modified_gmt":"2026-09-03T22:20:57","slug":"acerca-de","status":"publish","type":"page","link":"https:\/\/www.montsegcastillo.com\/lacometaroja\/acerca-de\/","title":{"rendered":"Acerca de"},"content":{"rendered":"<p><a href=\"http:\/\/www.montsegcastillo.com\/lacometaroja\/wp-content\/uploads\/2014\/08\/62432_10201845957812175_517609007_n.jpg\"><img loading=\"lazy\" decoding=\"async\" class=\"alignnone size-medium wp-image-1342\" src=\"http:\/\/www.montsegcastillo.com\/lacometaroja\/wp-content\/uploads\/2014\/08\/62432_10201845957812175_517609007_n-225x300.jpg\" alt=\"62432_10201845957812175_517609007_n\" width=\"225\" height=\"300\" srcset=\"https:\/\/www.montsegcastillo.com\/lacometaroja\/wp-content\/uploads\/2014\/08\/62432_10201845957812175_517609007_n-225x300.jpg 225w, https:\/\/www.montsegcastillo.com\/lacometaroja\/wp-content\/uploads\/2014\/08\/62432_10201845957812175_517609007_n-326x434.jpg 326w, https:\/\/www.montsegcastillo.com\/lacometaroja\/wp-content\/uploads\/2014\/08\/62432_10201845957812175_517609007_n-700x933.jpg 700w, https:\/\/www.montsegcastillo.com\/lacometaroja\/wp-content\/uploads\/2014\/08\/62432_10201845957812175_517609007_n.jpg 720w\" sizes=\"auto, (max-width: 225px) 100vw, 225px\" \/><\/a><\/p>\n<p><strong>Barcelona, 1967<\/strong><\/p>\n<h6 align=\"justify\"><strong>PERFIL PROFESIONAL<\/strong><\/h6>\n<p align=\"justify\">Fot\u00f3grafa desde 2003, basando mi trabajo actual como free-lance en el reportaje, la post- producci\u00f3n fotogr\u00e1fica y la ense\u00f1anza.<\/p>\n<div title=\"Page 1\">\n<div>\n<div>\n<div>\n<h6 align=\"justify\"><strong>EXPERIENCIA PROFESIONAL<\/strong><\/h6>\n<div title=\"Page 1\">\n<div>\n<div>\n<div>\n<div title=\"Page 1\">\n<div>\n<div>\n<div>\n<div align=\"justify\"><strong>17 a\u00f1os<\/strong> &#8211; <strong>FESTIVAL INTERNACIONAL DE CINE DE SAN SEBASTI\u00c1N&nbsp;<\/strong><br \/>\nFot\u00f3grafa oficial del equipo de Zinemaldia<\/div>\n<div align=\"justify\"><strong>7 a\u00f1os<\/strong> &#8211; <strong>DOCENTE FREE-LANCE<\/strong>&nbsp;<br \/>\nTalleres de Fotograf\u00eda digital (Iniciaci\u00f3n y Avanzado)<br \/>\nTalleres de Post- producci\u00f3n y retoque fotogr\u00e1fico<br \/>\nTalleres de Iniciaci\u00f3n a la Fotograf\u00eda para la 3a Edad<br \/>\nClases particulares y grupos reducidos.<\/div>\n<div align=\"justify\"><strong>7 a\u00f1os<\/strong> &#8211; <strong>FOT\u00d3GRAFA DEPORTIVA<\/strong> &#8211; Deportes de Contacto&nbsp;<br \/>\n<strong>22 a\u00f1os<\/strong> &#8211; <strong>FOTOGRAFA FREE-LANCE<\/strong> (actualmente)<br \/>\n<strong>Publicaciones :<\/strong> Revista Lur \/ Herizons \/ Suplemento \u201cFuera de Serie\u201d (Diario Expansi\u00f3n), Euskadi esencial \/ Localart (localia) \/ El Peri\u00f3dico de Catalunya \/ La Voz de Asturias \/ Noticias de Gipuzkoa \/ Deia \/ El Cultural \/ Spend In \/OCC (Auditorio de Oviedo) \/ Revista de patronaje ESPEJITO-ESPEJITO \/ La Nueva espa\u00f1a \/<br \/>\nEntre otros.<br \/>\n<strong>Clientes :<\/strong> I C E X \/ CADENA SER San Sebasti\u00e1n \/ LOCALIA GUIP\u00daZCOA \/Compa\u00f1\u00eda de teatro MARKELI\u00d1E \/ EUSKADIESSENCIAL( De Paso Publicaciones ) \/ RECOLETOS (Diario Expansi\u00f3n) \/ DARDARA EDICIONES \/ ESREC (Para la firma Montblanc) \/ TOMMY HILFIGER \/ SPEND IN \/ OK Ediciones \/ RED BULL ESPA\u00d1A \/ OCC (Auditorio de Oviedo) \/ FESTIVAL DE JAZZ DE SAN SEBASTIAN \/ ENCUENTROS FOTOGR\u00c1FICOS DE GIJ\u00d3N \/ UNIT ELEMENTS \/ RAVEN FITNESS<br \/>\nEntre otros.<br \/>\n<strong>4 a\u00f1os<\/strong> &#8211; <strong>ACADEMIA DE FOTOGRAF\u00cdA \u201cRICARDO MORENO\u201d<\/strong>(Oviedo)<br \/>\nProfesora de Fotograf\u00eda digital(iniciaci\u00f3n y avanzado)<br \/>\nFot\u00f3grafa de reportaje y estudio<br \/>\nPost-producci\u00f3n fotogr\u00e1fica.<br \/>\nMaquetaci\u00f3n y dise\u00f1o de imagen comercial.<\/div>\n<\/div>\n<\/div>\n<\/div>\n<\/div>\n<\/div>\n<\/div>\n<\/div>\n<\/div>\n<\/div>\n<\/div>\n<\/div>\n<\/div>\n","protected":false},"excerpt":{"rendered":"<p>Barcelona, 1967 PERFIL PROFESIONAL Fot\u00f3grafa desde 2003, basando mi trabajo actual como free-lance en el reportaje, la post- producci\u00f3n fotogr\u00e1fica y la ense\u00f1anza. EXPERIENCIA PROFESIONAL 17 a\u00f1os &#8211; FESTIVAL INTERNACIONAL DE CINE DE SAN SEBASTI\u00c1N&nbsp; Fot\u00f3grafa oficial del equipo de Zinemaldia 7 a\u00f1os &#8211; DOCENTE FREE-LANCE&nbsp; Talleres de Fotograf\u00eda digital (Iniciaci\u00f3n y Avanzado) Talleres de &#8230; <span class=\"more\"><a class=\"more-link\" href=\"https:\/\/www.montsegcastillo.com\/lacometaroja\/acerca-de\/\">[Read more&#8230;]<\/a><\/span><\/p>\n","protected":false},"author":1,"featured_media":0,"parent":0,"menu_order":0,"comment_status":"closed","ping_status":"closed","template":"","meta":{"ngg_post_thumbnail":0,"footnotes":""},"class_list":["entry","page","publish","author-admin","post-817"],"jetpack_sharing_enabled":false,"jetpack_shortlink":"https:\/\/wp.me\/P4YOqD-db","_links":{"self":[{"href":"https:\/\/www.montsegcastillo.com\/lacometaroja\/wp-json\/wp\/v2\/pages\/817","targetHints":{"allow":["GET"]}}],"collection":[{"href":"https:\/\/www.montsegcastillo.com\/lacometaroja\/wp-json\/wp\/v2\/pages"}],"about":[{"href":"https:\/\/www.montsegcastillo.com\/lacometaroja\/wp-json\/wp\/v2\/types\/page"}],"author":[{"embeddable":true,"href":"https:\/\/www.montsegcastillo.com\/lacometaroja\/wp-json\/wp\/v2\/users\/1"}],"replies":[{"embeddable":true,"href":"https:\/\/www.montsegcastillo.com\/lacometaroja\/wp-json\/wp\/v2\/comments?post=817"}],"version-history":[{"count":13,"href":"https:\/\/www.montsegcastillo.com\/lacometaroja\/wp-json\/wp\/v2\/pages\/817\/revisions"}],"predecessor-version":[{"id":4404,"href":"https:\/\/www.montsegcastillo.com\/lacometaroja\/wp-json\/wp\/v2\/pages\/817\/revisions\/4404"}],"wp:attachment":[{"href":"https:\/\/www.montsegcastillo.com\/lacometaroja\/wp-json\/wp\/v2\/media?parent=817"}],"curies":[{"name":"wp","href":"https:\/\/api.w.org\/{rel}","templated":true}]}}