{"id":817,"date":"2014-08-22T18:14:40","date_gmt":"2014-08-22T18:14:40","guid":{"rendered":"http:\/\/lacometarojademontsecastillo.wordpress.com\/?page_id=1"},"modified":"2026-09-03T22:30:41","modified_gmt":"2026-09-03T22:30:41","slug":"acerca-de","status":"publish","type":"page","link":"https:\/\/www.montsegcastillo.com\/redkitemusic\/acerca-de\/","title":{"rendered":"Acerca de"},"content":{"rendered":"<p><a href=\"http:\/\/www.montsegcastillo.com\/redkitemusic\/wp-content\/uploads\/2014\/08\/IMG_7292.jpg\"><img loading=\"lazy\" decoding=\"async\" class=\"size-thumbnail wp-image-2118 alignleft\" src=\"http:\/\/www.montsegcastillo.com\/redkitemusic\/wp-content\/uploads\/2014\/08\/IMG_7292-150x150.jpg\" alt=\"IMG_7292\" width=\"150\" height=\"150\"><\/a><\/p>\n<p>&nbsp;<\/p>\n<p>&nbsp;<\/p>\n<p>&nbsp;<\/p>\n<p>&nbsp;<\/p>\n<p><strong>Barcelona, 1967<\/strong><\/p>\n<h6 align=\"justify\"><strong>PERFIL PROFESIONAL<\/strong><\/h6>\n<p align=\"justify\">Fot\u00f3grafa desde 2003, basando mi trabajo actual como free-lance en el reportaje, la post- producci\u00f3n fotogr\u00e1fica y la ense\u00f1anza.<\/p>\n<div title=\"Page 1\">\n<div>\n<div>\n<div>\n<h6 align=\"justify\"><strong>EXPERIENCIA PROFESIONAL<\/strong><\/h6>\n<div title=\"Page 1\">\n<div>\n<div>\n<div>\n<div title=\"Page 1\">\n<div>\n<div>\n<div>\n<div align=\"justify\"><strong>17 a\u00f1os<\/strong> &#8211; <strong>FESTIVAL INTERNACIONAL DE CINE DE SAN SEBASTI\u00c1N&nbsp;<\/strong><br \/>\nFot\u00f3grafa oficial del equipo de Zinemaldia<\/div>\n<div align=\"justify\"><strong>8&nbsp;a\u00f1os<\/strong> &#8211; <strong>DOCENTE FREE-LANCE<\/strong><br \/>\nTalleres de Fotograf\u00eda digital (Iniciaci\u00f3n y Avanzado)<br \/>\nTalleres de Post- producci\u00f3n y retoque fotogr\u00e1fico<br \/>\nTalleres de Iniciaci\u00f3n a la Fotograf\u00eda para la 3a Edad<br \/>\nClases particulares y grupos reducidos.<\/div>\n<div align=\"justify\"><span style=\"color: #ff0000;\"><strong>11 a\u00f1os<\/strong> &#8211; <strong>FOT\u00d3GRAFA DE EVENTOS MUSICALES Y ARTES ESC\u00c9NICAS<\/strong>&nbsp;<\/span><\/div>\n<div align=\"justify\"><strong>8&nbsp;a\u00f1os<\/strong> &#8211; <strong>FOT\u00d3GRAFA DEPORTIVA<\/strong> &#8211; Deportes de Contacto&nbsp;<br \/>\n<strong>22 a\u00f1os<\/strong> &#8211; <strong>FOTOGRAFA FREE-LANCE<\/strong> (actualmente)<br \/>\n<strong>Publicaciones :<\/strong> Revista Lur \/ Herizons \/ Suplemento \u201cFuera de Serie\u201d (Diario Expansi\u00f3n), Euskadi esencial \/ Localart (localia) \/ El Peri\u00f3dico de Catalunya \/ La Voz de Asturias \/ Noticias de Gipuzkoa \/ Deia \/ El Cultural \/ Spend In \/OCC (Auditorio de Oviedo) \/ Revista de patronaje ESPEJITO-ESPEJITO \/ La Nueva espa\u00f1a \/<br \/>\nEntre otros.<br \/>\n<strong>Clientes :<\/strong> I C E X \/ CADENA SER San Sebasti\u00e1n \/ LOCALIA GUIP\u00daZCOA \/Compa\u00f1\u00eda de teatro MARKELI\u00d1E \/ EUSKADIESSENCIAL( De Paso Publicaciones ) \/ RECOLETOS (Diario Expansi\u00f3n) \/ DARDARA EDICIONES \/ ESREC (Para la firma Montblanc) \/ TOMMY HILFIGER \/ SPEND IN \/ OK Ediciones \/ RED BULL ESPA\u00d1A \/ OCC (Auditorio de Oviedo) \/ FESTIVAL DE JAZZ DE SAN SEBASTIAN \/ ENCUENTROS FOTOGR\u00c1FICOS DE GIJ\u00d3N \/ UNIT ELEMENTS \/ RAVEN FITNESS \/MOVISTAR TEAM<br \/>\nEntre otros.<br \/>\n<strong>4 a\u00f1os<\/strong> &#8211; <strong>ACADEMIA DE FOTOGRAF\u00cdA \u201cRICARDO MORENO\u201d<\/strong>(Oviedo)<br \/>\nProfesora de Fotograf\u00eda digital(iniciaci\u00f3n y avanzado)<br \/>\nFot\u00f3grafa de reportaje y estudio<br \/>\nPost-producci\u00f3n fotogr\u00e1fica.<br \/>\nMaquetaci\u00f3n y dise\u00f1o de imagen comercial.<\/div>\n<\/div>\n<\/div>\n<\/div>\n<\/div>\n<\/div>\n<\/div>\n<\/div>\n<\/div>\n<\/div>\n<\/div>\n<\/div>\n<\/div>\n","protected":false},"excerpt":{"rendered":"<p>&nbsp; &nbsp; &nbsp; &nbsp; Barcelona, 1967 PERFIL PROFESIONAL Fot\u00f3grafa desde 2003, basando mi trabajo actual como free-lance en el reportaje, la post- producci\u00f3n fotogr\u00e1fica y la ense\u00f1anza. EXPERIENCIA PROFESIONAL 17 [&hellip;]<\/p>\n","protected":false},"author":1,"featured_media":0,"parent":0,"menu_order":0,"comment_status":"closed","ping_status":"closed","template":"page-fullwidth.php","meta":{"_acf_changed":false,"ngg_post_thumbnail":0,"footnotes":""},"class_list":["post-817","page","type-page","status-publish","hentry"],"acf":[],"yoast_head":"<!-- This site is optimized with the Yoast SEO plugin v28.4 - https:\/\/yoast.com\/product\/yoast-seo-wordpress\/ -->\n<title>Acerca de - Red Kite Music<\/title>\n<meta name=\"robots\" content=\"index, follow, max-snippet:-1, max-image-preview:large, max-video-preview:-1\" \/>\n<link rel=\"canonical\" href=\"https:\/\/www.montsegcastillo.com\/redkitemusic\/acerca-de\/\" \/>\n<meta property=\"og:locale\" content=\"es_ES\" \/>\n<meta property=\"og:type\" content=\"article\" \/>\n<meta property=\"og:title\" content=\"Acerca de - Red Kite Music\" \/>\n<meta property=\"og:description\" content=\"&nbsp; &nbsp; &nbsp; &nbsp; Barcelona, 1967 PERFIL PROFESIONAL Fot\u00f3grafa desde 2003, basando mi trabajo actual como free-lance en el reportaje, la post- producci\u00f3n fotogr\u00e1fica y la ense\u00f1anza. EXPERIENCIA PROFESIONAL 17 [&hellip;]\" \/>\n<meta property=\"og:url\" content=\"https:\/\/www.montsegcastillo.com\/redkitemusic\/acerca-de\/\" \/>\n<meta property=\"og:site_name\" content=\"Red Kite Music\" \/>\n<meta property=\"article:modified_time\" content=\"2026-09-03T22:30:41+00:00\" \/>\n<meta property=\"og:image\" content=\"https:\/\/www.montsegcastillo.com\/redkitemusic\/wp-content\/uploads\/2014\/08\/IMG_7292.jpg\" \/>\n\t<meta property=\"og:image:width\" content=\"720\" \/>\n\t<meta property=\"og:image:height\" content=\"960\" \/>\n\t<meta property=\"og:image:type\" content=\"image\/jpeg\" \/>\n<meta name=\"twitter:card\" content=\"summary_large_image\" \/>\n<meta name=\"twitter:label1\" content=\"Tiempo de lectura\" \/>\n\t<meta name=\"twitter:data1\" content=\"2 minutos\" \/>\n<script type=\"application\/ld+json\" class=\"yoast-schema-graph\">{\"@context\":\"https:\\\/\\\/schema.org\",\"@graph\":[{\"@type\":\"WebPage\",\"@id\":\"https:\\\/\\\/www.montsegcastillo.com\\\/redkitemusic\\\/acerca-de\\\/\",\"url\":\"https:\\\/\\\/www.montsegcastillo.com\\\/redkitemusic\\\/acerca-de\\\/\",\"name\":\"Acerca de - Red Kite Music\",\"isPartOf\":{\"@id\":\"https:\\\/\\\/www.montsegcastillo.com\\\/redkitemusic\\\/#website\"},\"primaryImageOfPage\":{\"@id\":\"https:\\\/\\\/www.montsegcastillo.com\\\/redkitemusic\\\/acerca-de\\\/#primaryimage\"},\"image\":{\"@id\":\"https:\\\/\\\/www.montsegcastillo.com\\\/redkitemusic\\\/acerca-de\\\/#primaryimage\"},\"thumbnailUrl\":\"http:\\\/\\\/www.montsegcastillo.com\\\/redkitemusic\\\/wp-content\\\/uploads\\\/2014\\\/08\\\/IMG_7292-150x150.jpg\",\"datePublished\":\"2014-08-22T18:14:40+00:00\",\"dateModified\":\"2026-09-03T22:30:41+00:00\",\"breadcrumb\":{\"@id\":\"https:\\\/\\\/www.montsegcastillo.com\\\/redkitemusic\\\/acerca-de\\\/#breadcrumb\"},\"inLanguage\":\"es\",\"potentialAction\":[{\"@type\":\"ReadAction\",\"target\":[\"https:\\\/\\\/www.montsegcastillo.com\\\/redkitemusic\\\/acerca-de\\\/\"]}]},{\"@type\":\"ImageObject\",\"inLanguage\":\"es\",\"@id\":\"https:\\\/\\\/www.montsegcastillo.com\\\/redkitemusic\\\/acerca-de\\\/#primaryimage\",\"url\":\"http:\\\/\\\/www.montsegcastillo.com\\\/redkitemusic\\\/wp-content\\\/uploads\\\/2014\\\/08\\\/IMG_7292-150x150.jpg\",\"contentUrl\":\"http:\\\/\\\/www.montsegcastillo.com\\\/redkitemusic\\\/wp-content\\\/uploads\\\/2014\\\/08\\\/IMG_7292-150x150.jpg\"},{\"@type\":\"BreadcrumbList\",\"@id\":\"https:\\\/\\\/www.montsegcastillo.com\\\/redkitemusic\\\/acerca-de\\\/#breadcrumb\",\"itemListElement\":[{\"@type\":\"ListItem\",\"position\":1,\"name\":\"Portada\",\"item\":\"https:\\\/\\\/www.montsegcastillo.com\\\/redkitemusic\\\/\"},{\"@type\":\"ListItem\",\"position\":2,\"name\":\"Acerca de\"}]},{\"@type\":\"WebSite\",\"@id\":\"https:\\\/\\\/www.montsegcastillo.com\\\/redkitemusic\\\/#website\",\"url\":\"https:\\\/\\\/www.montsegcastillo.com\\\/redkitemusic\\\/\",\"name\":\"Red Kite Music\",\"description\":\"Eventos fotografiados por la fot\u00f3grafa Montse Castillo\",\"potentialAction\":[{\"@type\":\"SearchAction\",\"target\":{\"@type\":\"EntryPoint\",\"urlTemplate\":\"https:\\\/\\\/www.montsegcastillo.com\\\/redkitemusic\\\/?s={search_term_string}\"},\"query-input\":{\"@type\":\"PropertyValueSpecification\",\"valueRequired\":true,\"valueName\":\"search_term_string\"}}],\"inLanguage\":\"es\"}]}<\/script>\n<!-- \/ Yoast SEO plugin. -->","yoast_head_json":{"title":"Acerca de - Red Kite Music","robots":{"index":"index","follow":"follow","max-snippet":"max-snippet:-1","max-image-preview":"max-image-preview:large","max-video-preview":"max-video-preview:-1"},"canonical":"https:\/\/www.montsegcastillo.com\/redkitemusic\/acerca-de\/","og_locale":"es_ES","og_type":"article","og_title":"Acerca de - Red Kite Music","og_description":"&nbsp; &nbsp; &nbsp; &nbsp; Barcelona, 1967 PERFIL PROFESIONAL Fot\u00f3grafa desde 2003, basando mi trabajo actual como free-lance en el reportaje, la post- producci\u00f3n fotogr\u00e1fica y la ense\u00f1anza. EXPERIENCIA PROFESIONAL 17 [&hellip;]","og_url":"https:\/\/www.montsegcastillo.com\/redkitemusic\/acerca-de\/","og_site_name":"Red Kite Music","article_modified_time":"2026-09-03T22:30:41+00:00","og_image":[{"width":720,"height":960,"url":"https:\/\/www.montsegcastillo.com\/redkitemusic\/wp-content\/uploads\/2014\/08\/IMG_7292.jpg","type":"image\/jpeg"}],"twitter_card":"summary_large_image","twitter_misc":{"Tiempo de lectura":"2 minutos"},"schema":{"@context":"https:\/\/schema.org","@graph":[{"@type":"WebPage","@id":"https:\/\/www.montsegcastillo.com\/redkitemusic\/acerca-de\/","url":"https:\/\/www.montsegcastillo.com\/redkitemusic\/acerca-de\/","name":"Acerca de - Red Kite Music","isPartOf":{"@id":"https:\/\/www.montsegcastillo.com\/redkitemusic\/#website"},"primaryImageOfPage":{"@id":"https:\/\/www.montsegcastillo.com\/redkitemusic\/acerca-de\/#primaryimage"},"image":{"@id":"https:\/\/www.montsegcastillo.com\/redkitemusic\/acerca-de\/#primaryimage"},"thumbnailUrl":"http:\/\/www.montsegcastillo.com\/redkitemusic\/wp-content\/uploads\/2014\/08\/IMG_7292-150x150.jpg","datePublished":"2014-08-22T18:14:40+00:00","dateModified":"2026-09-03T22:30:41+00:00","breadcrumb":{"@id":"https:\/\/www.montsegcastillo.com\/redkitemusic\/acerca-de\/#breadcrumb"},"inLanguage":"es","potentialAction":[{"@type":"ReadAction","target":["https:\/\/www.montsegcastillo.com\/redkitemusic\/acerca-de\/"]}]},{"@type":"ImageObject","inLanguage":"es","@id":"https:\/\/www.montsegcastillo.com\/redkitemusic\/acerca-de\/#primaryimage","url":"http:\/\/www.montsegcastillo.com\/redkitemusic\/wp-content\/uploads\/2014\/08\/IMG_7292-150x150.jpg","contentUrl":"http:\/\/www.montsegcastillo.com\/redkitemusic\/wp-content\/uploads\/2014\/08\/IMG_7292-150x150.jpg"},{"@type":"BreadcrumbList","@id":"https:\/\/www.montsegcastillo.com\/redkitemusic\/acerca-de\/#breadcrumb","itemListElement":[{"@type":"ListItem","position":1,"name":"Portada","item":"https:\/\/www.montsegcastillo.com\/redkitemusic\/"},{"@type":"ListItem","position":2,"name":"Acerca de"}]},{"@type":"WebSite","@id":"https:\/\/www.montsegcastillo.com\/redkitemusic\/#website","url":"https:\/\/www.montsegcastillo.com\/redkitemusic\/","name":"Red Kite Music","description":"Eventos fotografiados por la fot\u00f3grafa Montse Castillo","potentialAction":[{"@type":"SearchAction","target":{"@type":"EntryPoint","urlTemplate":"https:\/\/www.montsegcastillo.com\/redkitemusic\/?s={search_term_string}"},"query-input":{"@type":"PropertyValueSpecification","valueRequired":true,"valueName":"search_term_string"}}],"inLanguage":"es"}]}},"_links":{"self":[{"href":"https:\/\/www.montsegcastillo.com\/redkitemusic\/wp-json\/wp\/v2\/pages\/817","targetHints":{"allow":["GET"]}}],"collection":[{"href":"https:\/\/www.montsegcastillo.com\/redkitemusic\/wp-json\/wp\/v2\/pages"}],"about":[{"href":"https:\/\/www.montsegcastillo.com\/redkitemusic\/wp-json\/wp\/v2\/types\/page"}],"author":[{"embeddable":true,"href":"https:\/\/www.montsegcastillo.com\/redkitemusic\/wp-json\/wp\/v2\/users\/1"}],"replies":[{"embeddable":true,"href":"https:\/\/www.montsegcastillo.com\/redkitemusic\/wp-json\/wp\/v2\/comments?post=817"}],"version-history":[{"count":16,"href":"https:\/\/www.montsegcastillo.com\/redkitemusic\/wp-json\/wp\/v2\/pages\/817\/revisions"}],"predecessor-version":[{"id":2933,"href":"https:\/\/www.montsegcastillo.com\/redkitemusic\/wp-json\/wp\/v2\/pages\/817\/revisions\/2933"}],"wp:attachment":[{"href":"https:\/\/www.montsegcastillo.com\/redkitemusic\/wp-json\/wp\/v2\/media?parent=817"}],"curies":[{"name":"wp","href":"https:\/\/api.w.org\/{rel}","templated":true}]}}